{"id":2070,"date":"2026-09-04T13:24:02","date_gmt":"2026-09-04T11:24:02","guid":{"rendered":"https:\/\/www.iczoppola.edu.it\/home\/?page_id=2070"},"modified":"2026-09-04T13:30:26","modified_gmt":"2026-09-04T11:30:26","slug":"2070-2","status":"publish","type":"page","link":"https:\/\/www.iczoppola.edu.it\/home\/2070-2\/","title":{"rendered":"Orari di apertura dei plessi IC Zoppola a.s. 2026\/2027"},"content":{"rendered":"<p class=\"western\">Prot. e data vedasi segnatura \/ Circ. 6 Alle famiglie<\/p>\n<p class=\"western\" align=\"right\">Ai Docenti e personale ATA<\/p>\n<p class=\"western\" align=\"right\">IC Zoppola<\/p>\n<p class=\"western\" align=\"right\">E p.c.<\/p>\n<p class=\"western\" align=\"right\">Assessore all\u2019Istruzione \u2013 Dott.ssa Papais<\/p>\n<p class=\"western\" align=\"right\"><span style=\"color: #0000ff;\"><u><a href=\"mailto:edi.mottin@comune.zoppola.pn.it\">edi.mottin@comune.zoppola.pn.it<\/a><\/u><\/span><\/p>\n<p class=\"western\" align=\"right\"><span style=\"color: #0000ff;\"><u><a href=\"mailto:comune.zoppola@certgov.fvg.it\">comune.zoppola@certgov.fvg.it<\/a><\/u><\/span><\/p>\n<p class=\"western\" align=\"right\"><span style=\"color: #0000ff;\"><u><a href=\"mailto:luigi.ciuto@comune.zoppola.pn.it\">luigi.ciuto@comune.zoppola.pn.it<\/a><\/u><\/span><\/p>\n<p class=\"western\">Oggetto: orari apertura plessi IC Zoppola \u2013 a.s. 2026\/2027<\/p>\n<p class=\"western\">Si trasmettono gli orari di apertura dei plessi dell\u2019IC Zoppola per l\u2019anno scolastico 2026\/2027 a partire da luned\u00ec 14 settembre 2026 e fino al termine delle lezioni.<\/p>\n<p class=\"western\" align=\"center\"><span style=\"font-size: 14pt;\"><i><u><b>Scuola dell\u2019Infanzia<\/b><\/u><\/i><\/span><\/p>\n<div class=\"table-responsive\"><table class=\"table  table-striped table-bordered table-hover\"  style=\"width: 97.5564%;\" width=\"680\" cellspacing=\"0\" cellpadding=\"7\">\n<tbody>\n<tr>\n<td style=\"width: 178.589%;\" colspan=\"2\" valign=\"top\" bgcolor=\"#ffffff\" width=\"664\">\n<p class=\"western\" align=\"justify\"><span style=\"color: #000000;\"><b>INIZIO LEZIONI: 14 settembre 2026 &#8211; <\/b><\/span><\/p>\n<\/td>\n<\/tr>\n<tr valign=\"top\">\n<td style=\"width: 29.2467%;\" bgcolor=\"#ffffff\" width=\"184\">\n<p class=\"western\" align=\"justify\"><span style=\"color: #000000;\"><b>Dal luned\u00ec 14 settembre 2026 al 21 settembre 2026 compreso <\/b><\/span><\/p>\n<\/td>\n<td style=\"width: 149.343%;\" bgcolor=\"#ffffff\" width=\"467\">\n<ul>\n<li>\n<p class=\"western\" align=\"justify\"><span style=\"color: #000000;\"><u><b>Alunni gi\u00e0 iscritti e frequentanti lo scorso anno<\/b><\/u><\/span><span style=\"color: #000000;\"> \u2013 Orario completo 8.30 \u2013 17.00 con servizio mensa;<\/span><\/p>\n<\/li>\n<li>\n<p class=\"western\" align=\"justify\"><span style=\"color: #000000;\"><b>Per tutti i bambini NUOVI ISCRITTI &#8211; <\/b><\/span><span style=\"color: #000000;\">da luned\u00ec 14 a gioved\u00ec 17 settembre 2026 dalle ore 10:00 alle 11:00; <\/span><\/p>\n<\/li>\n<li>\n<p class=\"western\" align=\"justify\"><span style=\"color: #000000;\"><b>Per tutti i bambini NUOVI ISCRITTI &#8211; <\/b><\/span><span style=\"color: #000000;\">da venerd\u00ec 18 a luned\u00ec 21 settembre 2026 dalle ore 9:00 alle 11:00; <\/span><\/p>\n<\/li>\n<\/ul>\n<\/td>\n<\/tr>\n<tr valign=\"top\">\n<td style=\"width: 29.2467%;\" bgcolor=\"#ffffff\" width=\"184\">\n<p class=\"western\" align=\"justify\"><span style=\"color: #000000;\"><b>da marted\u00ec 22 settembre 2026 al 28 settembre 2026<\/b><\/span><\/p>\n<\/td>\n<td style=\"width: 149.343%;\" bgcolor=\"#ffffff\" width=\"467\">\n<ul>\n<li>\n<p class=\"western\" align=\"justify\"><span style=\"color: #000000;\"><b>Per i bambini piccoli, anticipatari<\/b><\/span><span style=\"color: #000000;\"> &#8211; Orario ridotto: 8:30- 12:30 con mensa (se superato positivamente l\u2019inserimento);<\/span><\/p>\n<\/li>\n<\/ul>\n<ul>\n<li>\n<p class=\"western\" align=\"justify\"><span style=\"color: #000000;\"><b>Per tutti i medi e grandi iscritti e piccoli gi\u00e0 frequentanti lo scorso anno<\/b><\/span><span style=\"color: #000000;\"> &#8211; Orario completo: 8:30 \u2013 17:00\u2013 con mensa <\/span><\/p>\n<\/li>\n<\/ul>\n<\/td>\n<\/tr>\n<tr valign=\"top\">\n<td style=\"width: 29.2467%;\" bgcolor=\"#ffffff\" width=\"184\" height=\"25\">\n<p class=\"western\" align=\"justify\"><b>Dal 29 settembre 2026 e fino al termine delle lezioni <\/b><\/p>\n<\/td>\n<td style=\"width: 149.343%;\" bgcolor=\"#ffffff\" width=\"467\">\n<ul>\n<li>\n<p class=\"western\" align=\"justify\"><span style=\"color: #000000;\"><b>Per tutti gli alunni &#8211; <\/b><\/span><span style=\"color: #000000;\">Orario completo 8.30 \u2013 17.00 con servizio mensa;<\/span><\/p>\n<\/li>\n<\/ul>\n<\/td>\n<\/tr>\n<tr valign=\"top\">\n<td style=\"width: 29.2467%;\" bgcolor=\"#ffffff\" width=\"184\">\n<p class=\"western\" align=\"justify\"><b>Servizi comunali dal 14 settembre 2026<\/b><\/p>\n<\/td>\n<td style=\"width: 149.343%;\" bgcolor=\"#ffffff\" width=\"467\">\n<ul>\n<li>\n<p class=\"western\" align=\"justify\"><span style=\"color: #000000;\"><b>Trasporto scolastico dal luned\u00ec al venerd\u00ec: <\/b><\/span><span style=\"color: #000000;\">attivo dal 14 settembre 2026 <\/span><span style=\"color: #000000;\"><u>solo andata delle ore 8:30 e ritorno alle ore 16.30<\/u><\/span><span style=\"color: #000000;\">;<\/span><\/p>\n<\/li>\n<li>\n<p class=\"western\" align=\"justify\"><span style=\"color: #000000;\"><b>Pre-scuola: <\/b><\/span><span style=\"color: #000000;\">attivo dal 14 settembre 2026 dalle ore 7:30 alle 8:30 \u2013 <\/span><span style=\"color: #000000;\"><u>ingresso principale \u2013 zona AULA &#8211; della scuola dell\u2019Infanzia \u201cLe Margherite\u201d di Castions<\/u><\/span><\/p>\n<\/li>\n<\/ul>\n<ul>\n<li>\n<p class=\"western\" align=\"justify\"><u><b>Tutte le informazioni sono reperibili sul sito istituzionale del Comune di Zoppola<\/b><\/u><span style=\"color: #000000;\"><b>.<\/b><\/span><\/p>\n<\/li>\n<\/ul>\n<\/td>\n<\/tr>\n<\/tbody>\n<\/table><\/div>\n<p class=\"western\" align=\"center\"><span style=\"font-size: 14pt;\"><i><u><b>Scuola Primaria<\/b><\/u><\/i><\/span><\/p>\n<div class=\"table-responsive\"><table class=\"table  table-striped table-bordered table-hover\"  style=\"width: 97.5796%;\" width=\"697\" cellspacing=\"0\" cellpadding=\"7\">\n<tbody>\n<tr>\n<td style=\"width: 183.58%;\" colspan=\"2\" valign=\"top\" width=\"681\">\n<p class=\"western\" align=\"center\"><span style=\"color: #000000;\"><b>PLESSO &#8211; \u201cBeato Odorico\u201d di Zoppola <\/b><\/span><\/p>\n<\/td>\n<\/tr>\n<tr valign=\"top\">\n<td style=\"width: 28.6541%;\" bgcolor=\"#ffffff\" width=\"184\" height=\"72\">\n<p class=\"western\" align=\"justify\"><span style=\"color: #000000;\"><b>Da luned\u00ec 14 settembre 2026<\/b><\/span><\/p>\n<\/td>\n<td style=\"width: 154.926%;\" bgcolor=\"#ffffff\" width=\"484\">\n<p class=\"western\" align=\"justify\"><span style=\"color: #000000;\"><u><b>Plesso di Zoppola<\/b><\/u><\/span><span style=\"color: #000000;\"><b> temporaneamente in Piazza Micoli Toscano, 7 a Castions:<\/b><\/span><\/p>\n<ul>\n<li>\n<p class=\"western\" align=\"justify\">Orario di ingresso: ore 8:00<\/p>\n<\/li>\n<li>\n<p class=\"western\" align=\"justify\">Orario di uscita:<\/p>\n<\/li>\n<\/ul>\n<ul>\n<li>\n<p class=\"western\" align=\"justify\"><span style=\"color: #000000;\">per le classi 1\u00b0, 2\u00b0 e 3\u00b0: luned\u00ec, gioved\u00ec e venerd\u00ec alle 12:40;<\/span><\/p>\n<\/li>\n<li>\n<p class=\"western\" align=\"justify\"><span style=\"color: #000000;\">per le classi 4\u00b0 e 5\u00b0: luned\u00ec e gioved\u00ec alle 13:40, venerd\u00ec alle 12:40<\/span><\/p>\n<\/li>\n<li>\n<p class=\"western\" align=\"justify\"><span style=\"color: #000000;\">per tutte le classi: il marted\u00ec e il mercoled\u00ec alle 16:00.<\/span><\/p>\n<\/li>\n<li>\n<p class=\"western\" align=\"justify\">Giorni di funzionamento: dal luned\u00ec al venerd\u00ec.<\/p>\n<\/li>\n<\/ul>\n<\/td>\n<\/tr>\n<tr valign=\"top\">\n<td style=\"width: 28.6541%;\" bgcolor=\"#ffffff\" width=\"184\" height=\"38\">\n<p class=\"western\" align=\"justify\"><span style=\"color: #000000;\"><b>Gestione ingresso\/uscita alunni dal 14 settembre 2026 <\/b><\/span><\/p>\n<\/td>\n<td style=\"width: 154.926%;\" bgcolor=\"#ffffff\" width=\"484\">\n<ul>\n<li>\n<p class=\"western\" align=\"justify\"><span style=\"color: #000000;\"><u>Alle ore 7: 55 \u2013 classe <\/u><\/span><span style=\"color: #000000;\"><u><b>1^A, 2^A e 3^A<\/b><\/u><\/span><span style=\"color: #000000;\"><u>, \u2013 ingresso principale<\/u><\/span><u><b> <\/b><\/u><\/p>\n<\/li>\n<\/ul>\n<ul>\n<li>\n<p class=\"western\" align=\"justify\"><span style=\"color: #000000;\"><u>Alle ore 8:00 \u2013 classi <\/u><\/span><span style=\"color: #000000;\"><u><b>4^A e 5^A<\/b><\/u><\/span><span style=\"color: #000000;\"><u> \u2013 ingresso posteriore<\/u><\/span><u><b> <\/b><\/u><\/p>\n<\/li>\n<\/ul>\n<\/td>\n<\/tr>\n<tr valign=\"top\">\n<td style=\"width: 28.6541%;\" bgcolor=\"#ffffff\" width=\"184\" height=\"71\">\n<p class=\"western\" align=\"justify\"><b>Servizi comunali dal 14 settembre 2026<\/b><\/p>\n<\/td>\n<td style=\"width: 154.926%;\" bgcolor=\"#ffffff\" width=\"484\">\n<ul>\n<li>\n<p class=\"western\" align=\"justify\"><span style=\"color: #000000;\"><b>Trasporto scolastico: <\/b><\/span><span style=\"color: #000000;\">attivo il servizio navetta \u2013 da Zoppola a Castions e ritorno dal 14 settembre 2026;<\/span><\/p>\n<\/li>\n<li>\n<p class=\"western\" align=\"justify\"><span style=\"color: #000000;\"><b>Pre-scuola: <\/b><\/span><span style=\"color: #000000;\">attivo dal 14 settembre 2026 dalle ore 7:30 alle ore 8:00 \u2013 <\/span><span style=\"color: #000000;\"><u>ingresso principale della scuola primaria di Castions \u2013 zona ATRIO<\/u><\/span><span style=\"color: #000000;\"><b>; <\/b><\/span><\/p>\n<\/li>\n<li>\n<p class=\"western\" align=\"justify\"><span style=\"color: #000000;\"><b>Dopo-scuola: <\/b><\/span><span style=\"color: #000000;\">attivo dal 14 settembre 2026, nelle giornate del luned\u00ec, gioved\u00ec e venerd\u00ec \u2013 zona 2 AULE + MENSA VOLIERA; per gli alunni che non usufruiscono dello scuolabus \u2013 uscita laterale della scuola, in direzione del parcheggio; <\/span><\/p>\n<\/li>\n<\/ul>\n<p class=\"western\" align=\"justify\"><u><b>Tutte le informazioni sono reperibili sul sito istituzionale del Comune di Zoppola<\/b><\/u><span style=\"color: #000000;\"><b>.<\/b><\/span><\/p>\n<\/td>\n<\/tr>\n<\/tbody>\n<\/table><\/div>\n<div class=\"table-responsive\"><table class=\"table  table-striped table-bordered table-hover\"  style=\"width: 97.5683%;\" width=\"697\" cellspacing=\"0\" cellpadding=\"7\">\n<tbody>\n<tr>\n<td style=\"width: 184.423%;\" colspan=\"2\" valign=\"top\" width=\"681\">\n<p class=\"western\" align=\"center\"><span style=\"color: #000000;\"><b>PLESSO \u201cCardinal Celso Costantini\u201d di Castions<\/b><\/span><\/p>\n<\/td>\n<\/tr>\n<tr valign=\"top\">\n<td style=\"width: 28.6541%;\" bgcolor=\"#ffffff\" width=\"184\" height=\"72\">\n<p class=\"western\" align=\"justify\"><b>Da luned\u00ec 14 settembre 2026<\/b><\/p>\n<\/td>\n<td style=\"width: 155.769%;\" bgcolor=\"#ffffff\" width=\"484\">\n<p class=\"western\" align=\"justify\"><u><b>Plesso di Castions <\/b><\/u><\/p>\n<ul>\n<li>\n<p class=\"western\" align=\"justify\"><span style=\"color: #000000;\">Orario di ingresso: ore 8:30<\/span><\/p>\n<\/li>\n<li>\n<p class=\"western\" align=\"justify\"><span style=\"color: #000000;\">Orario di uscita: 16:30<\/span><\/p>\n<\/li>\n<li>\n<p class=\"western\" align=\"justify\">Giorni di funzionamento: dal luned\u00ec al venerd\u00ec.<\/p>\n<\/li>\n<\/ul>\n<\/td>\n<\/tr>\n<tr valign=\"top\">\n<td style=\"width: 28.6541%;\" bgcolor=\"#ffffff\" width=\"184\" height=\"54\">\n<p class=\"western\" align=\"justify\"><b>Gestione ingresso\/uscita alunni dal 14 settembre 2026 <\/b><\/p>\n<\/td>\n<td style=\"width: 155.769%;\" bgcolor=\"#ffffff\" width=\"484\">\n<ul>\n<li>\n<p class=\"western\" align=\"justify\"><span style=\"color: #000000;\"><u>Alle ore 8: 25 \u2013 classe <\/u><\/span><span style=\"color: #000000;\"><u><b>1^A, 1^B, 2^A, 2^B, 3^A ,3^B, <\/b><\/u><\/span><span style=\"color: #000000;\"><u>\u2013 ingresso principale<\/u><\/span><\/p>\n<\/li>\n<li>\n<p class=\"western\" align=\"justify\"><span style=\"color: #000000;\"><u>Alle ore 8:25 \u2013 classi <\/u><\/span><span style=\"color: #000000;\"><u><b>4^A, 4^B, 5^A e 5^B<\/b><\/u><\/span><span style=\"color: #000000;\"><u> \u2013 ingresso posteriore <\/u><\/span><\/p>\n<\/li>\n<\/ul>\n<\/td>\n<\/tr>\n<tr valign=\"top\">\n<td style=\"width: 28.6541%;\" bgcolor=\"#ffffff\" width=\"184\" height=\"71\">\n<p class=\"western\" align=\"justify\"><b>Servizi comunali dal 14 settembre 2026<\/b><\/p>\n<\/td>\n<td style=\"width: 155.769%;\" bgcolor=\"#ffffff\" width=\"484\">\n<ul>\n<li>\n<p class=\"western\" align=\"justify\"><span style=\"color: #000000;\"><b>Trasporto scolastico: <\/b><\/span><span style=\"color: #000000;\">attivo dal 14 settembre 2026;<\/span><\/p>\n<\/li>\n<li>\n<p class=\"western\" align=\"justify\"><span style=\"color: #000000;\"><b>Pre-scuola: <\/b><\/span><span style=\"color: #000000;\">attivo dal 14 settembre 2026 dalle ore 7:30 alle ore 8:30 \u2013 ZONA PALESTRA &#8211; <\/span><span style=\"color: #000000;\"><u>ingresso cancello della palestra \u2013 direzione parcheggio; <\/u><\/span><\/p>\n<\/li>\n<\/ul>\n<p class=\"western\" align=\"justify\"><u><b>Tutte le informazioni sono reperibili sul sito istituzionale del Comune di Zoppola<\/b><\/u><span style=\"color: #000000;\"><b>.<\/b><\/span><\/p>\n<\/td>\n<\/tr>\n<\/tbody>\n<\/table><\/div>\n<p class=\"western\" align=\"center\"><span style=\"text-decoration: underline; font-size: 14pt;\"><i><b>Scuola Secondaria<\/b><\/i><\/span><\/p>\n<div class=\"table-responsive\"><table class=\"table  table-striped table-bordered table-hover\"  style=\"width: 97.707%;\" width=\"699\" cellspacing=\"0\" cellpadding=\"7\">\n<tbody>\n<tr>\n<td style=\"width: 180.518%;\" colspan=\"2\" valign=\"top\" width=\"683\">\n<p class=\"western\" align=\"center\"><span style=\"color: #000000;\"><b>Scuola Secondaria di I grado \u201cDante Alighieri\u201d di Zoppola<\/b><\/span><\/p>\n<\/td>\n<\/tr>\n<tr valign=\"top\">\n<td style=\"width: 36.6477%;\" bgcolor=\"#ffffff\" width=\"242\">\n<p class=\"western\" align=\"justify\"><b>Da luned\u00ec 14 settembre 2026<\/b><\/p>\n<\/td>\n<td style=\"width: 143.871%;\" bgcolor=\"#ffffff\" width=\"427\">\n<p class=\"western\" align=\"justify\"><span style=\"color: #000000;\"><b>Plesso Scuola Secondaria di I grado <\/b><\/span><span style=\"color: #000000;\"><b>temporaneamente in Via Dante Alighieri 1, a Zoppola<\/b><\/span><\/p>\n<ul>\n<li>\n<p class=\"western\" align=\"justify\"><span style=\"color: #000000;\">Orario di ingresso: ore 7:50<\/span><\/p>\n<\/li>\n<li>\n<p class=\"western\" align=\"justify\"><span style=\"color: #000000;\">Orario di uscita: 13:50<\/span><\/p>\n<ul>\n<li>\n<p class=\"western\" align=\"justify\">Giorni di funzionamento: dal luned\u00ec al venerd\u00ec.<\/p>\n<\/li>\n<\/ul>\n<\/li>\n<\/ul>\n<\/td>\n<\/tr>\n<tr valign=\"top\">\n<td style=\"width: 36.6477%;\" bgcolor=\"#ffffff\" width=\"242\">\n<p class=\"western\" align=\"justify\"><b>Gestione ingressi alunni dal 14 settembre 2026 <\/b><\/p>\n<\/td>\n<td style=\"width: 143.871%;\" bgcolor=\"#ffffff\" width=\"427\">\n<ul>\n<li>\n<p class=\"western\" align=\"justify\"><u>Alle ore 7: 50 \u2013 tutte le classi \u2013 ingresso principale<\/u><\/p>\n<\/li>\n<\/ul>\n<\/td>\n<\/tr>\n<tr valign=\"top\">\n<td style=\"width: 36.6477%;\" bgcolor=\"#ffffff\" width=\"242\">\n<p class=\"western\" align=\"justify\"><b>Servizi comunali dal 14 settembre 2026<\/b><\/p>\n<\/td>\n<td style=\"width: 143.871%;\" bgcolor=\"#ffffff\" width=\"427\">\n<ul>\n<li>\n<p class=\"western\" align=\"justify\"><span style=\"color: #000000;\"><b>Trasporto scolastico: <\/b><\/span><span style=\"color: #000000;\">attivo dal 14 settembre 2026<\/span><\/p>\n<\/li>\n<li>\n<p class=\"western\" align=\"justify\"><span style=\"color: #000000;\"><b>Servizio di accoglienza e sorveglianza <\/b><\/span><span style=\"color: #000000;\">dal luned\u00ec al venerd\u00ec dalle 7:35\/7:40 alle ore 7:50 \u2013 ZONA AULA piano terra <\/span><\/p>\n<\/li>\n<li>\n<p class=\"western\" align=\"justify\"><span style=\"color: #000000;\"><b>Dopo-scuola: <\/b><\/span><span style=\"color: #000000;\">attivo dal 14 settembre 2026 nelle giornate del luned\u00ec, gioved\u00ec e venerd\u00ec dalle ore 13:50 alle ore 16:00 \u2013 ZONA AULA piano terra &#8211; per gli alunni che ne hanno fatto richiesta<\/span><span style=\"color: #000000;\"><u>; <\/u><\/span><\/p>\n<\/li>\n<\/ul>\n<p class=\"western\" align=\"justify\"><u><b>Tutte le informazioni sono reperibili sul sito istituzionale del Comune di Zoppola<\/b><\/u><span style=\"color: #000000;\"><b>.<\/b><\/span><\/p>\n<\/td>\n<\/tr>\n<\/tbody>\n<\/table><\/div>\n<p class=\"western\" style=\"text-align: right;\"><span style=\"font-size: medium;\">Cordiali saluti<\/span><\/p>\n<p class=\"western\" style=\"text-align: right;\" align=\"right\"><span style=\"font-size: medium;\">IL DIRIGENTE SCOLASTICO <\/span><\/p>\n<p class=\"western\" style=\"text-align: right;\" align=\"center\"><span style=\"font-size: medium;\"><i>Antonella Cozza <\/i><\/span><\/p>\n<p class=\"western\" style=\"text-align: right;\" align=\"center\"><a name=\"_PictureBullets\"><\/a> <span style=\"font-size: xx-small;\">Firmato digitalmente<\/span><\/p>\n","protected":false},"excerpt":{"rendered":"<p>Prot. e data vedasi segnatura \/ Circ. 6 Alle famiglie Ai Docenti e personale ATA IC Zoppola E p.c. Assessore all\u2019Istruzione \u2013 Dott.ssa Papais edi.mottin@comune.zoppola.pn.it comune.zoppola@certgov.fvg.it luigi.ciuto@comune.zoppola.pn.it Oggetto: orari apertura plessi IC Zoppola \u2013 a.s. 2026\/2027 [&hellip;]<\/p>\n","protected":false},"author":1,"featured_media":1910,"parent":0,"menu_order":0,"comment_status":"closed","ping_status":"closed","template":"","meta":{"iawp_total_views":4,"footnotes":"","_members_access_role":[],"_members_access_error":""},"tags":[],"class_list":["post-2070","page","type-page","status-publish","has-post-thumbnail","hentry"],"yoast_head":"<!-- This site is optimized with the Yoast SEO plugin v28.4 - https:\/\/yoast.com\/product\/yoast-seo-wordpress\/ -->\n<title>Orari di apertura dei plessi IC Zoppola a.s. 2026\/2027 - IC ZOPPOLA<\/title>\n<meta name=\"robots\" content=\"index, follow, max-snippet:-1, max-image-preview:large, max-video-preview:-1\" \/>\n<link rel=\"canonical\" href=\"https:\/\/www.iczoppola.edu.it\/home\/2070-2\/\" \/>\n<meta property=\"og:locale\" content=\"it_IT\" \/>\n<meta property=\"og:type\" content=\"article\" \/>\n<meta property=\"og:title\" content=\"Orari di apertura dei plessi IC Zoppola a.s. 2026\/2027 - IC ZOPPOLA\" \/>\n<meta property=\"og:description\" content=\"Prot. e data vedasi segnatura \/ Circ. 6 Alle famiglie Ai Docenti e personale ATA IC Zoppola E p.c. Assessore all\u2019Istruzione \u2013 Dott.ssa Papais edi.mottin@comune.zoppola.pn.it comune.zoppola@certgov.fvg.it luigi.ciuto@comune.zoppola.pn.it Oggetto: orari apertura plessi IC Zoppola \u2013 a.s. 2026\/2027 [&hellip;]\" \/>\n<meta property=\"og:url\" content=\"https:\/\/www.iczoppola.edu.it\/home\/2070-2\/\" \/>\n<meta property=\"og:site_name\" content=\"IC ZOPPOLA\" \/>\n<meta property=\"article:publisher\" content=\"https:\/\/peertube.uno\/a\/iczoppola\/video-channels\" \/>\n<meta property=\"article:modified_time\" content=\"2026-09-04T11:30:26+00:00\" \/>\n<meta property=\"og:image\" content=\"https:\/\/www.iczoppola.edu.it\/home\/wp-content\/uploads\/2026\/07\/orario-scolastico.jpg\" \/>\n\t<meta property=\"og:image:width\" content=\"750\" \/>\n\t<meta property=\"og:image:height\" content=\"450\" \/>\n\t<meta property=\"og:image:type\" content=\"image\/jpeg\" \/>\n<meta name=\"twitter:card\" content=\"summary_large_image\" \/>\n<meta name=\"twitter:label1\" content=\"Tempo di lettura stimato\" \/>\n\t<meta name=\"twitter:data1\" content=\"4 minuti\" \/>\n<script type=\"application\/ld+json\" class=\"yoast-schema-graph\">{\"@context\":\"https:\\\/\\\/schema.org\",\"@graph\":[{\"@type\":\"WebPage\",\"@id\":\"https:\\\/\\\/www.iczoppola.edu.it\\\/home\\\/2070-2\\\/\",\"url\":\"https:\\\/\\\/www.iczoppola.edu.it\\\/home\\\/2070-2\\\/\",\"name\":\"Orari di apertura dei plessi IC Zoppola a.s. 2026\\\/2027 - IC ZOPPOLA\",\"isPartOf\":{\"@id\":\"https:\\\/\\\/www.iczoppola.edu.it\\\/home\\\/#website\"},\"primaryImageOfPage\":{\"@id\":\"https:\\\/\\\/www.iczoppola.edu.it\\\/home\\\/2070-2\\\/#primaryimage\"},\"image\":{\"@id\":\"https:\\\/\\\/www.iczoppola.edu.it\\\/home\\\/2070-2\\\/#primaryimage\"},\"thumbnailUrl\":\"https:\\\/\\\/www.iczoppola.edu.it\\\/home\\\/wp-content\\\/uploads\\\/2026\\\/07\\\/orario-scolastico.jpg\",\"datePublished\":\"2026-09-04T11:24:02+00:00\",\"dateModified\":\"2026-09-04T11:30:26+00:00\",\"breadcrumb\":{\"@id\":\"https:\\\/\\\/www.iczoppola.edu.it\\\/home\\\/2070-2\\\/#breadcrumb\"},\"inLanguage\":\"it-IT\",\"potentialAction\":[{\"@type\":\"ReadAction\",\"target\":[\"https:\\\/\\\/www.iczoppola.edu.it\\\/home\\\/2070-2\\\/\"]}]},{\"@type\":\"ImageObject\",\"inLanguage\":\"it-IT\",\"@id\":\"https:\\\/\\\/www.iczoppola.edu.it\\\/home\\\/2070-2\\\/#primaryimage\",\"url\":\"https:\\\/\\\/www.iczoppola.edu.it\\\/home\\\/wp-content\\\/uploads\\\/2026\\\/07\\\/orario-scolastico.jpg\",\"contentUrl\":\"https:\\\/\\\/www.iczoppola.edu.it\\\/home\\\/wp-content\\\/uploads\\\/2026\\\/07\\\/orario-scolastico.jpg\",\"width\":750,\"height\":450},{\"@type\":\"BreadcrumbList\",\"@id\":\"https:\\\/\\\/www.iczoppola.edu.it\\\/home\\\/2070-2\\\/#breadcrumb\",\"itemListElement\":[{\"@type\":\"ListItem\",\"position\":1,\"name\":\"Home\",\"item\":\"https:\\\/\\\/www.iczoppola.edu.it\\\/home\\\/\"},{\"@type\":\"ListItem\",\"position\":2,\"name\":\"Orari di apertura dei plessi IC Zoppola a.s. 2026\\\/2027\"}]},{\"@type\":\"WebSite\",\"@id\":\"https:\\\/\\\/www.iczoppola.edu.it\\\/home\\\/#website\",\"url\":\"https:\\\/\\\/www.iczoppola.edu.it\\\/home\\\/\",\"name\":\"IC ZOPPOLA\",\"description\":\"\",\"publisher\":{\"@id\":\"https:\\\/\\\/www.iczoppola.edu.it\\\/home\\\/#organization\"},\"potentialAction\":[{\"@type\":\"SearchAction\",\"target\":{\"@type\":\"EntryPoint\",\"urlTemplate\":\"https:\\\/\\\/www.iczoppola.edu.it\\\/home\\\/?s={search_term_string}\"},\"query-input\":{\"@type\":\"PropertyValueSpecification\",\"valueRequired\":true,\"valueName\":\"search_term_string\"}}],\"inLanguage\":\"it-IT\"},{\"@type\":\"Organization\",\"@id\":\"https:\\\/\\\/www.iczoppola.edu.it\\\/home\\\/#organization\",\"name\":\"IC ZOPPOLA\",\"url\":\"https:\\\/\\\/www.iczoppola.edu.it\\\/home\\\/\",\"logo\":{\"@type\":\"ImageObject\",\"inLanguage\":\"it-IT\",\"@id\":\"https:\\\/\\\/www.iczoppola.edu.it\\\/home\\\/#\\\/schema\\\/logo\\\/image\\\/\",\"url\":\"https:\\\/\\\/www.iczoppola.edu.it\\\/home\\\/wp-content\\\/uploads\\\/2025\\\/05\\\/Logo-sfondo-trasparente-512-x-512.png\",\"contentUrl\":\"https:\\\/\\\/www.iczoppola.edu.it\\\/home\\\/wp-content\\\/uploads\\\/2025\\\/05\\\/Logo-sfondo-trasparente-512-x-512.png\",\"width\":512,\"height\":512,\"caption\":\"IC ZOPPOLA\"},\"image\":{\"@id\":\"https:\\\/\\\/www.iczoppola.edu.it\\\/home\\\/#\\\/schema\\\/logo\\\/image\\\/\"},\"sameAs\":[\"https:\\\/\\\/peertube.uno\\\/a\\\/iczoppola\\\/video-channels\"]}]}<\/script>\n<!-- \/ Yoast SEO plugin. -->","yoast_head_json":{"title":"Orari di apertura dei plessi IC Zoppola a.s. 2026\/2027 - IC ZOPPOLA","robots":{"index":"index","follow":"follow","max-snippet":"max-snippet:-1","max-image-preview":"max-image-preview:large","max-video-preview":"max-video-preview:-1"},"canonical":"https:\/\/www.iczoppola.edu.it\/home\/2070-2\/","og_locale":"it_IT","og_type":"article","og_title":"Orari di apertura dei plessi IC Zoppola a.s. 2026\/2027 - IC ZOPPOLA","og_description":"Prot. e data vedasi segnatura \/ Circ. 6 Alle famiglie Ai Docenti e personale ATA IC Zoppola E p.c. Assessore all\u2019Istruzione \u2013 Dott.ssa Papais edi.mottin@comune.zoppola.pn.it comune.zoppola@certgov.fvg.it luigi.ciuto@comune.zoppola.pn.it Oggetto: orari apertura plessi IC Zoppola \u2013 a.s. 2026\/2027 [&hellip;]","og_url":"https:\/\/www.iczoppola.edu.it\/home\/2070-2\/","og_site_name":"IC ZOPPOLA","article_publisher":"https:\/\/peertube.uno\/a\/iczoppola\/video-channels","article_modified_time":"2026-09-04T11:30:26+00:00","og_image":[{"width":750,"height":450,"url":"https:\/\/www.iczoppola.edu.it\/home\/wp-content\/uploads\/2026\/07\/orario-scolastico.jpg","type":"image\/jpeg"}],"twitter_card":"summary_large_image","twitter_misc":{"Tempo di lettura stimato":"4 minuti"},"schema":{"@context":"https:\/\/schema.org","@graph":[{"@type":"WebPage","@id":"https:\/\/www.iczoppola.edu.it\/home\/2070-2\/","url":"https:\/\/www.iczoppola.edu.it\/home\/2070-2\/","name":"Orari di apertura dei plessi IC Zoppola a.s. 2026\/2027 - IC ZOPPOLA","isPartOf":{"@id":"https:\/\/www.iczoppola.edu.it\/home\/#website"},"primaryImageOfPage":{"@id":"https:\/\/www.iczoppola.edu.it\/home\/2070-2\/#primaryimage"},"image":{"@id":"https:\/\/www.iczoppola.edu.it\/home\/2070-2\/#primaryimage"},"thumbnailUrl":"https:\/\/www.iczoppola.edu.it\/home\/wp-content\/uploads\/2026\/07\/orario-scolastico.jpg","datePublished":"2026-09-04T11:24:02+00:00","dateModified":"2026-09-04T11:30:26+00:00","breadcrumb":{"@id":"https:\/\/www.iczoppola.edu.it\/home\/2070-2\/#breadcrumb"},"inLanguage":"it-IT","potentialAction":[{"@type":"ReadAction","target":["https:\/\/www.iczoppola.edu.it\/home\/2070-2\/"]}]},{"@type":"ImageObject","inLanguage":"it-IT","@id":"https:\/\/www.iczoppola.edu.it\/home\/2070-2\/#primaryimage","url":"https:\/\/www.iczoppola.edu.it\/home\/wp-content\/uploads\/2026\/07\/orario-scolastico.jpg","contentUrl":"https:\/\/www.iczoppola.edu.it\/home\/wp-content\/uploads\/2026\/07\/orario-scolastico.jpg","width":750,"height":450},{"@type":"BreadcrumbList","@id":"https:\/\/www.iczoppola.edu.it\/home\/2070-2\/#breadcrumb","itemListElement":[{"@type":"ListItem","position":1,"name":"Home","item":"https:\/\/www.iczoppola.edu.it\/home\/"},{"@type":"ListItem","position":2,"name":"Orari di apertura dei plessi IC Zoppola a.s. 2026\/2027"}]},{"@type":"WebSite","@id":"https:\/\/www.iczoppola.edu.it\/home\/#website","url":"https:\/\/www.iczoppola.edu.it\/home\/","name":"IC ZOPPOLA","description":"","publisher":{"@id":"https:\/\/www.iczoppola.edu.it\/home\/#organization"},"potentialAction":[{"@type":"SearchAction","target":{"@type":"EntryPoint","urlTemplate":"https:\/\/www.iczoppola.edu.it\/home\/?s={search_term_string}"},"query-input":{"@type":"PropertyValueSpecification","valueRequired":true,"valueName":"search_term_string"}}],"inLanguage":"it-IT"},{"@type":"Organization","@id":"https:\/\/www.iczoppola.edu.it\/home\/#organization","name":"IC ZOPPOLA","url":"https:\/\/www.iczoppola.edu.it\/home\/","logo":{"@type":"ImageObject","inLanguage":"it-IT","@id":"https:\/\/www.iczoppola.edu.it\/home\/#\/schema\/logo\/image\/","url":"https:\/\/www.iczoppola.edu.it\/home\/wp-content\/uploads\/2025\/05\/Logo-sfondo-trasparente-512-x-512.png","contentUrl":"https:\/\/www.iczoppola.edu.it\/home\/wp-content\/uploads\/2025\/05\/Logo-sfondo-trasparente-512-x-512.png","width":512,"height":512,"caption":"IC ZOPPOLA"},"image":{"@id":"https:\/\/www.iczoppola.edu.it\/home\/#\/schema\/logo\/image\/"},"sameAs":["https:\/\/peertube.uno\/a\/iczoppola\/video-channels"]}]}},"_links":{"self":[{"href":"https:\/\/www.iczoppola.edu.it\/home\/wp-json\/wp\/v2\/pages\/2070","targetHints":{"allow":["GET"]}}],"collection":[{"href":"https:\/\/www.iczoppola.edu.it\/home\/wp-json\/wp\/v2\/pages"}],"about":[{"href":"https:\/\/www.iczoppola.edu.it\/home\/wp-json\/wp\/v2\/types\/page"}],"author":[{"embeddable":true,"href":"https:\/\/www.iczoppola.edu.it\/home\/wp-json\/wp\/v2\/users\/1"}],"replies":[{"embeddable":true,"href":"https:\/\/www.iczoppola.edu.it\/home\/wp-json\/wp\/v2\/comments?post=2070"}],"version-history":[{"count":6,"href":"https:\/\/www.iczoppola.edu.it\/home\/wp-json\/wp\/v2\/pages\/2070\/revisions"}],"predecessor-version":[{"id":2085,"href":"https:\/\/www.iczoppola.edu.it\/home\/wp-json\/wp\/v2\/pages\/2070\/revisions\/2085"}],"wp:featuredmedia":[{"embeddable":true,"href":"https:\/\/www.iczoppola.edu.it\/home\/wp-json\/wp\/v2\/media\/1910"}],"wp:attachment":[{"href":"https:\/\/www.iczoppola.edu.it\/home\/wp-json\/wp\/v2\/media?parent=2070"}],"wp:term":[{"taxonomy":"post_tag","embeddable":true,"href":"https:\/\/www.iczoppola.edu.it\/home\/wp-json\/wp\/v2\/tags?post=2070"}],"curies":[{"name":"wp","href":"https:\/\/api.w.org\/{rel}","templated":true}]}}